{"id":17676,"date":"2026-03-25T09:59:44","date_gmt":"2026-03-25T08:59:44","guid":{"rendered":"https:\/\/bastille-grenoble.fr\/?post_type=event&#038;p=17676"},"modified":"2026-04-28T16:09:14","modified_gmt":"2026-04-28T14:09:14","slug":"habiter-la-montagne","status":"publish","type":"event","link":"https:\/\/bastille-grenoble.fr\/en\/event\/habiter-la-montagne\/","title":{"rendered":"Habiter la montagne"},"content":{"rendered":"\r\n    <div class=\"container-information \">\r\n        <div class=\"block-information\">\r\n            <ul>\n<li>Exposition au Centre d&#8217;art bastille.<\/li>\n<li>Du 18 avril au 21 juin 2026.<\/li>\n<li>Vernissage : vendredi 17 avril 2026 de 17h \u00e0 20h.<\/li>\n<li>Les matinales : les mercredis matins \u00e0 partir de 11h30 (en fonction des conditions m\u00e9t\u00e9orologiques).<\/li>\n<li>Ouvert du mercredi au dimanche de 13h \u00e0 17h (hors matinales).<\/li>\n<li>Samedi 14 juin 2026 : a<span data-olk-copy-source=\"MessageBody\">ccueil de l\u2019Office des Transports Po\u00e9tik sur un atelier d\u2019\u00e9criture avec la po\u00e9tesse Elisabeth Chabuel.<\/span><\/li>\n<li>Samedi 20 juin 2026 : <span data-olk-copy-source=\"MessageBody\">Petites Formes Performatives : Programmation de performance de jeune.s artiste.s dipl\u00f4m\u00e9.es de la r\u00e9gion Auvergne Rh\u00f4ne-Alpes. En partenariat avec l\u2019ESAD Grenoble.<\/span><\/li>\n<li>\n<div data-olk-copy-source=\"MessageBody\">Visites professionnelles et de groupes en dehors de ces cr\u00e9neaux sur r\u00e9servation<\/div>\n<div><a id=\"OWA5079df36-b2c8-da7f-42a5-6d4d6efc7e77\" title=\"mailto:contact@cab-grenoble.net\" href=\"mailto:contact@cab-grenoble.net\" data-linkindex=\"0\">contact@cab-grenoble.net<\/a><\/div>\n<\/li>\n<li>Acc\u00e8s en t\u00e9l\u00e9ph\u00e9rique aux tarifs habituels.<\/li>\n<li><a href=\"https:\/\/cab-grenoble.net\/\" target=\"_blank\" rel=\"noopener\">Site web<\/a><\/li>\n<li><a href=\"https:\/\/www.instagram.com\/centredartbastille\/\" target=\"_blank\" rel=\"noopener\">Instagram<\/a><\/li>\n<li><a href=\"https:\/\/www.facebook.com\/profile.php?id=100045092173053#\" target=\"_blank\" rel=\"noopener\">Facebook<\/a><\/li>\n<\/ul>\n            <div class=\"wrapper-img\">\r\n                <img decoding=\"async\" src=\"https:\/\/bastille-grenoble.fr\/wp-content\/themes\/la-bastille-grenoble\/ressources\/icons\/info_red.svg\"\r\n                     alt=\"info icon\">\r\n            <\/div>\r\n                    <\/div>\r\n    <\/div>\r\n\n\n    <div class=\"spacer mobile-hidden \" style=\"height:20px\"><\/div>\r\n    <div class=\"spacer laptop-hidden\" style=\"height:20px\"><\/div>\r\n\n\n    <div class=\"wysiwyg-paragraph defaut \">\r\n        <p><span data-olk-copy-source=\"MessageBody\">L&#8217;exposition <strong>&#8220;Habiter la montagne&#8221;<\/strong>, pense l\u2019habitat comme une relation active \u00e0 un milieu vivant et contraignant.<br \/>\n\u00c0 travers les pratiques de\u00a0<em><strong>Marie L\u2019Hours<\/strong><\/em>\u00a0et\u00a0<em><strong>Lucie Malb\u00e9qui<\/strong><\/em>, les oeuvres explorent des formes d\u2019habiter fond\u00e9es sur l\u2019<em>ajustement<\/em> et l\u2019<em>interd\u00e9pendance<\/em>.<\/span><\/p>\n<p><span data-olk-copy-source=\"MessageBody\">L&#8217;exposition interroge la <strong>place du vivant<\/strong> \u2014 <em><strong>humain<\/strong><\/em> et <em><strong>non humain<\/strong><\/em> \u2014 et les <strong>\u00e9quilibres fragiles qui structurent ce territoire<\/strong> et invite \u00e0 repenser notre rapport aux territoires de montagne face aux transformations \u00e9cologiques.\u00a0<\/span><\/p>\n<p>&nbsp;<\/p>\n<p><em>Exposition co-produite entre le Centre d\u2019art bastille et les artistes.<\/em><\/p>\n<p>&nbsp;<\/p>\n<p><em>Cette exposition est r\u00e9alis\u00e9e gr\u00e2ce au soutien de la Ville de Grenoble, de la DRAC Auvergne Rh\u00f4ne-Alpes, de la R\u00e9gion Auvergne Rh\u00f4ne-Alpes, du Conseil d\u00e9partemental de l\u2019Is\u00e8re, de la R\u00e9gie du t\u00e9l\u00e9ph\u00e9rique et de fonds priv\u00e9s gr\u00e2ce aux m\u00e9c\u00e9nats d\u2019entreprises et de particuliers. Nous remercions Marie L\u2019Hours et Lucie Malb\u00e9qui.\u00a0<\/em><\/p>\n    <\/div>\r\n\n\n    <div class=\"spacer mobile-hidden \" style=\"height:20px\"><\/div>\r\n    <div class=\"spacer laptop-hidden\" style=\"height:20px\"><\/div>\r\n","protected":false},"excerpt":{"rendered":"","protected":false},"featured_media":17882,"template":"","meta":{"_acf_changed":false},"event_type":[8],"class_list":["post-17676","event","type-event","status-publish","has-post-thumbnail","hentry","event_type-exposition"],"acf":[],"_links":{"self":[{"href":"https:\/\/bastille-grenoble.fr\/en\/wp-json\/wp\/v2\/event\/17676","targetHints":{"allow":["GET"]}}],"collection":[{"href":"https:\/\/bastille-grenoble.fr\/en\/wp-json\/wp\/v2\/event"}],"about":[{"href":"https:\/\/bastille-grenoble.fr\/en\/wp-json\/wp\/v2\/types\/event"}],"wp:featuredmedia":[{"embeddable":true,"href":"https:\/\/bastille-grenoble.fr\/en\/wp-json\/wp\/v2\/media\/17882"}],"wp:attachment":[{"href":"https:\/\/bastille-grenoble.fr\/en\/wp-json\/wp\/v2\/media?parent=17676"}],"wp:term":[{"taxonomy":"event_type","embeddable":true,"href":"https:\/\/bastille-grenoble.fr\/en\/wp-json\/wp\/v2\/event_type?post=17676"}],"curies":[{"name":"wp","href":"https:\/\/api.w.org\/{rel}","templated":true}]}}