{"id":17673,"date":"2026-03-24T15:01:24","date_gmt":"2026-03-24T14:01:24","guid":{"rendered":"https:\/\/bastille-grenoble.fr\/?post_type=event&#038;p=17673"},"modified":"2026-03-24T15:01:24","modified_gmt":"2026-03-24T14:01:24","slug":"paques-a-la-bastille-fort-decore-et-jeu-de-piste-special-paques","status":"publish","type":"event","link":"https:\/\/bastille-grenoble.fr\/en\/event\/paques-a-la-bastille-fort-decore-et-jeu-de-piste-special-paques\/","title":{"rendered":"P\u00e2ques \u00e0 la Bastille : fort d\u00e9cor\u00e9 et jeu de piste sp\u00e9cial P\u00e2ques !"},"content":{"rendered":"\r\n    <div class=\"container-information \">\r\n        <div class=\"block-information\">\r\n            <ul>\n<li>Fort d\u00e9cor\u00e9 du <strong>4 au 26 avril 2026<\/strong>.<\/li>\n<li>Jeu de piste du <strong>4 au 19 avril 2026<\/strong>.\n<ul>\n<li>Le <strong>lundi de 13h \u00e0 18h<\/strong> et <strong>du mardi au dimanche de 10h \u00e0 18h<\/strong> (dernier d\u00e9part \u00e0 <strong>16h<\/strong>).<\/li>\n<li>Tarif : <strong>10\u20ac par groupe<\/strong> (jusqu&#8217;\u00e0 5 personnes).<\/li>\n<li>Tarif r\u00e9duit : <strong>7\u20ac sur pr\u00e9sentation d&#8217;un ticket de t\u00e9l\u00e9ph\u00e9rique<\/strong>.<\/li>\n<li><em><strong>Acc\u00e8s en t\u00e9l\u00e9ph\u00e9rique aux tarifs habituels<\/strong><\/em>.<\/li>\n<\/ul>\n<\/li>\n<\/ul>\n            <div class=\"wrapper-img\">\r\n                <img decoding=\"async\" src=\"https:\/\/bastille-grenoble.fr\/wp-content\/themes\/la-bastille-grenoble\/ressources\/icons\/info_red.svg\"\r\n                     alt=\"info icon\">\r\n            <\/div>\r\n                    <\/div>\r\n    <\/div>\r\n\n\n    <div class=\"spacer mobile-hidden \" style=\"height:20px\"><\/div>\r\n    <div class=\"spacer laptop-hidden\" style=\"height:20px\"><\/div>\r\n\n\n    <div class=\"wysiwyg-paragraph defaut \">\r\n        <p>Du<strong> 4 au 26 avril 2026<\/strong>, Le <strong>Fort de la Bastille<\/strong> sera d\u00e9cor\u00e9 pour la deuxi\u00e8me ann\u00e9e cons\u00e9cutive sur le th\u00e8me du <em>printemps<\/em> et de <em>P\u00e2ques<\/em> !<\/p>\n<p>&nbsp;<\/p>\n<p>C\u2019est dans ce d\u00e9cor imagin\u00e9 et mis en oeuvre par le service <em><strong>Nature en Ville<\/strong><\/em> de la <em><strong>Ville de Grenoble<\/strong><\/em> que le <strong>parc de loisirs Acrobastille<\/strong> en partenariat avec la <strong>R\u00e9gie du T\u00e9l\u00e9ph\u00e9rique<\/strong>, a le plaisir de vous proposer un jeu de piste sp\u00e9cial P\u00e2ques du <strong>4 au 19 avril 2026<\/strong> : <em><strong>L\u2019\u00c9cole des Apprentis Lapins<\/strong><\/em> !<\/p>\n<p>&nbsp;<\/p>\n<p><em>Le Lapin de P\u00e2ques est d\u00e9bord\u00e9 !<\/em><\/p>\n<p>Pour l\u2019aider \u00e0 pr\u00e9parer la <strong>grande distribution des oeufs en chocolat<\/strong>, il a besoin de recruter du <strong>renfort<\/strong>.<br \/>\nLes enfants devront suivre un <em><strong>parcours d\u2019entra\u00eenement<\/strong><\/em>, r\u00e9ussir les <em><strong>\u00e9preuves<\/strong><\/em>\u2026 pour obtenir leur dipl\u00f4me officiel d\u2019<strong>Apprenti Lapin<\/strong> !<\/p>\n<p>&nbsp;<\/p>\n<p><em><strong>R\u00e9compense en chocolat !<\/strong><\/em><\/p>\n<p>&nbsp;<\/p>\n    <\/div>\r\n","protected":false},"excerpt":{"rendered":"","protected":false},"featured_media":17674,"template":"","meta":{"_acf_changed":true},"event_type":[],"class_list":["post-17673","event","type-event","status-publish","has-post-thumbnail","hentry"],"acf":[],"_links":{"self":[{"href":"https:\/\/bastille-grenoble.fr\/en\/wp-json\/wp\/v2\/event\/17673","targetHints":{"allow":["GET"]}}],"collection":[{"href":"https:\/\/bastille-grenoble.fr\/en\/wp-json\/wp\/v2\/event"}],"about":[{"href":"https:\/\/bastille-grenoble.fr\/en\/wp-json\/wp\/v2\/types\/event"}],"wp:featuredmedia":[{"embeddable":true,"href":"https:\/\/bastille-grenoble.fr\/en\/wp-json\/wp\/v2\/media\/17674"}],"wp:attachment":[{"href":"https:\/\/bastille-grenoble.fr\/en\/wp-json\/wp\/v2\/media?parent=17673"}],"wp:term":[{"taxonomy":"event_type","embeddable":true,"href":"https:\/\/bastille-grenoble.fr\/en\/wp-json\/wp\/v2\/event_type?post=17673"}],"curies":[{"name":"wp","href":"https:\/\/api.w.org\/{rel}","templated":true}]}}