{"id":17660,"date":"2026-03-20T10:06:10","date_gmt":"2026-03-20T09:06:10","guid":{"rendered":"https:\/\/bastille-grenoble.fr\/?post_type=event&#038;p=17660"},"modified":"2026-03-27T11:44:12","modified_gmt":"2026-03-27T10:44:12","slug":"everestille-2026","status":"publish","type":"event","link":"https:\/\/bastille-grenoble.fr\/en\/event\/everestille-2026\/","title":{"rendered":"Everestille 2026"},"content":{"rendered":"\r\n    <div class=\"container-information \">\r\n        <div class=\"block-information\">\r\n            <ul>\n<li>Les 10 et 11 avril 2026.<\/li>\n<li>D\u00e9part de la course le vendredi 10 avril 2026 \u00e0 21h, porte Saint-Laurent.<\/li>\n<li>Fin de la course le samedi 11 avril 2026 \u00e0 17h.<\/li>\n<li>Plus d&#8217;infos sur l&#8217;inscription \u00e0 la course et sur la r\u00e9colte de dons ici : <a href=\"https:\/\/trihautpourleverest.go.zd.fr\/leverestille-2026-6eme-edition\/\" target=\"_blank\" rel=\"noopener\">https:\/\/trihautpourleverest.go.zd.fr\/leverestille-2026-6eme-edition\/<\/a><\/li>\n<\/ul>\n            <div class=\"wrapper-img\">\r\n                <img decoding=\"async\" src=\"https:\/\/bastille-grenoble.fr\/wp-content\/themes\/la-bastille-grenoble\/ressources\/icons\/info_red.svg\"\r\n                     alt=\"info icon\">\r\n            <\/div>\r\n                    <\/div>\r\n    <\/div>\r\n\n\n    <div class=\"spacer mobile-hidden \" style=\"height:20px\"><\/div>\r\n    <div class=\"spacer laptop-hidden\" style=\"height:20px\"><\/div>\r\n\n\n    <div class=\"wysiwyg-paragraph defaut \">\r\n        <p>Venez participer \u00e0 l&#8217;<strong>EVERESTILLE<\/strong> ! C&#8217;est une course accessible \u00e0 tout le monde. Le principe est de monter la <strong>Bastille<\/strong> le plus de fois possible. L&#8217;objectif : en faire <strong>33<\/strong> pour \u00e9galer l&#8217;altitude de l&#8217;<strong>Everest <\/strong>soit 8848m.<\/p>\n<p>&nbsp;<\/p>\n<p>La course se d\u00e9roule \u00e0 la Bastille du <strong>10 au 11 avril 2026<\/strong>.<\/p>\n<p>&nbsp;<\/p>\n<p>POURQUOI y participer ?<\/p>\n<p>&nbsp;<\/p>\n<p>C\u2019est simple, s\u2019inscrire c\u2019est participer au <strong>financement du projet de l\u2019association Tri-Haut pour l\u2019Everest<\/strong>. Une association fond\u00e9e par des \u00e9tudiants grenoblois et ayant \u00e0 c\u0153ur d\u2019agir pour un <em><strong>monde durable<\/strong><\/em>.<\/p>\n<p>Le but de cette association est d\u2019<strong>am\u00e9liorer la gestion des d\u00e9chets<\/strong> dans la vall\u00e9e de l\u2019Everest au N\u00e9pal. Notre objectif est de <strong>construire<\/strong> et d\u2019<strong>\u00e9lectrifier<\/strong> durablement un <strong>centre de recyclage<\/strong> \u00e9quip\u00e9 de machines permettant de <em><strong>revaloriser les d\u00e9chets plastiques<\/strong><\/em>.<\/p>\n<p>&nbsp;<\/p>\n<p>Alors si vous aussi vous avez un go\u00fbt pour les <strong>d\u00e9fis sportifs<\/strong>\u00a0et \u00eates sensible aux <strong>enjeux environnementaux<\/strong> qui nous entourent, venez nous rejoindre sur les chemins de Bastille les 10 et 11 avril\u00a0!<\/p>\n<p>&nbsp;<\/p>\n<p>Retrouvez toutes les <strong>informations de la course<\/strong> sur notre <em><strong>site internet<\/strong><\/em> : <a title=\"https:\/\/trihautpourleverest.go.zd.fr\/leverestille-2026-6eme-edition\/\" href=\"https:\/\/trihautpourleverest.go.zd.fr\/leverestille-2026-6eme-edition\/\" data-auth=\"NotApplicable\" data-linkindex=\"0\" target=\"_blank\" rel=\"noopener\">https:\/\/trihautpourleverest.go.zd.fr\/leverestille-2026-6eme-edition\/<\/a><\/p>\n<p>Ou sur <em><strong>Instagram<\/strong><\/em>\u00a0: Tri-Haut pour l\u2019Everest (@3haut)<\/p>\n    <\/div>\r\n\n\n    <div class=\"spacer mobile-hidden \" style=\"height:20px\"><\/div>\r\n    <div class=\"spacer laptop-hidden\" style=\"height:20px\"><\/div>\r\n","protected":false},"excerpt":{"rendered":"","protected":false},"featured_media":17661,"template":"","meta":{"_acf_changed":true},"event_type":[],"class_list":["post-17660","event","type-event","status-publish","has-post-thumbnail","hentry"],"acf":[],"_links":{"self":[{"href":"https:\/\/bastille-grenoble.fr\/en\/wp-json\/wp\/v2\/event\/17660","targetHints":{"allow":["GET"]}}],"collection":[{"href":"https:\/\/bastille-grenoble.fr\/en\/wp-json\/wp\/v2\/event"}],"about":[{"href":"https:\/\/bastille-grenoble.fr\/en\/wp-json\/wp\/v2\/types\/event"}],"wp:featuredmedia":[{"embeddable":true,"href":"https:\/\/bastille-grenoble.fr\/en\/wp-json\/wp\/v2\/media\/17661"}],"wp:attachment":[{"href":"https:\/\/bastille-grenoble.fr\/en\/wp-json\/wp\/v2\/media?parent=17660"}],"wp:term":[{"taxonomy":"event_type","embeddable":true,"href":"https:\/\/bastille-grenoble.fr\/en\/wp-json\/wp\/v2\/event_type?post=17660"}],"curies":[{"name":"wp","href":"https:\/\/api.w.org\/{rel}","templated":true}]}}