{"id":17596,"date":"2026-02-03T15:52:04","date_gmt":"2026-02-03T14:52:04","guid":{"rendered":"https:\/\/bastille-grenoble.fr\/?post_type=event&#038;p=17596"},"modified":"2026-04-27T15:02:55","modified_gmt":"2026-04-27T13:02:55","slug":"le-groupe-militaire-de-haute-montagne-gmhm","status":"publish","type":"event","link":"https:\/\/bastille-grenoble.fr\/en\/event\/le-groupe-militaire-de-haute-montagne-gmhm\/","title":{"rendered":"Le Groupe militaire de haute montagne (GMHM)"},"content":{"rendered":"\r\n    <div class=\"container-information \">\r\n        <div class=\"block-information\">\r\n            <ul>\n<li>Exposition au <strong>Mus\u00e9e des Troupes de montagne<\/strong>.<\/li>\n<li>Du <strong>7 f\u00e9vrier 2026<\/strong> au <strong>31 d\u00e9cembre 2026<\/strong>.<\/li>\n<li><strong>Samedi 23 mai 2026<\/strong> de <strong>19h \u00e0 22h<\/strong> : la Nuit des Mus\u00e9es avec des groupes en tenues et uniformes d&#8217;\u00e9poque ! (<em>gratuit<\/em>).<\/li>\n<li><strong>Entr\u00e9e offerte \u00e0 tous<\/strong>. Audioguide payant (2\u20ac). Plus d&#8217;infos ici : <a href=\"https:\/\/bastille-grenoble.fr\/culture\/musee-des-troupes-de-montagne\/\">https:\/\/bastille-grenoble.fr\/culture\/musee-des-troupes-de-montagne\/<\/a><\/li>\n<li>Acc\u00e8s en t\u00e9l\u00e9ph\u00e9rique aux tarifs habituels.<\/li>\n<li><strong>Commissariat d&#8217;exposition : <\/strong>capitaine L\u00e9opold Courtois, conservateur du Mus\u00e9e des Troupes de montagne.<\/li>\n<\/ul>\n            <div class=\"wrapper-img\">\r\n                <img decoding=\"async\" src=\"https:\/\/bastille-grenoble.fr\/wp-content\/themes\/la-bastille-grenoble\/ressources\/icons\/info_red.svg\"\r\n                     alt=\"info icon\">\r\n            <\/div>\r\n                    <\/div>\r\n    <\/div>\r\n\n\n    <div class=\"spacer mobile-hidden \" style=\"height:20px\"><\/div>\r\n    <div class=\"spacer laptop-hidden\" style=\"height:20px\"><\/div>\r\n\n\n    <div class=\"wysiwyg-paragraph defaut \">\r\n        <p><strong>Pr\u00e9sentation de l&#8217;exposition<\/strong> :<\/p>\n<p>\u00c0 l\u2019occasion du 50e anniversaire de la cr\u00e9ation du Groupe militaire de haute montagne (GMHM), le mus\u00e9e des Troupes de montagne met \u00e0 l\u2019honneur ces \u00ab ambassadeurs des cimes \u00bb.<\/p>\n<p>Appartenant \u00e0 l\u2019\u00c9cole militaire de haute montagne (EMHM), ce groupe d\u2019\u00e9lite, compos\u00e9 de soldats passionn\u00e9s, incarne la ma\u00eetrise et l\u2019innovation en milieu extr\u00eame, se faisant ainsi les repr\u00e9sentants de l\u2019excellence fran\u00e7aise en mati\u00e8re d\u2019alpinisme militaire.<\/p>\n<p>Au sein de la 27e brigade d\u2019infanterie de montagne (27e BIM), comme de toute l\u2019arm\u00e9e de Terre, les membres du GMHM constituent une communaut\u00e9 d\u2019experts qui repousse sans cesse ses limites. Cette expertise se r\u00e9v\u00e8le d\u2019autant plus d\u00e9terminante dans un contexte de durcissement de l\u2019entra\u00eenement et de renforcement des forces morales.<\/p>\n<p>\u00c0 travers cette exposition, le mus\u00e9e invite le visiteur \u00e0 d\u00e9couvrir l\u2019histoire de ces soldats de montagne et leur contribution unique \u00e0 la conqu\u00eate des sommets et \u00e0 l\u2019exploration.<\/p>\n<p>&nbsp;<\/p>\n<p><strong>Collection<\/strong> :<\/p>\n<p>Cette exposition pr\u00e9sente plus de 120 objets utilis\u00e9s par le GMHM lors d\u2019exp\u00e9ditions et pour la premi\u00e8re fois montr\u00e9s au public, ainsi que des images d\u2019archives et des documents in\u00e9dits. Au travers d\u2019une sc\u00e9nographie moderne, le mus\u00e9e invite le visiteur \u00e0 explorer les milieux exigeants de la tr\u00e8s<br \/>\nhaute altitude et du grand froid, du Qomolangma au Groenland.<\/p>\n<p>&nbsp;<\/p>\n<p><b>~<\/b><b>~<\/b><b>~<\/b><b>~<\/b><b>~<\/b><b>~<\/b><b>~<\/b><\/p>\n<p>&nbsp;<\/p>\n<p><strong>[Nuit europ\u00e9enne des mus\u00e9es \/ Mus\u00e9es en f\u00eate 2026]<\/strong><\/p>\n<p>Le <strong>samedi 23 mai prochain<\/strong>, les <strong>Troupes de montagne<\/strong> c\u00e9l\u00e8brent la nuit des mus\u00e9es au Fort de la Bastille de Grenoble avec la pr\u00e9sence de reconstituants et de l\u2019association \u00ab les Amis du Fort de Comboire \u00bb.<\/p>\n<p>&nbsp;<\/p>\n<p><i>\u00ab Alors que la nuit tombe sur la Bastille, le mus\u00e9e des Troupes de montagne prend vie ! Les soldats de montagne d\u2019hier et d\u2019aujourd\u2019hui sortent de leurs vitrines et d\u00e9ambulent dans les salles casemat\u00e9es de ce vieux fort sorti de son sommeil s\u00e9culaire. \u00bb<\/i><\/p>\n<p>&nbsp;<\/p>\n<p>Infos pratiques :<\/p>\n<ul>\n<li>Gratuit\u00e9 pour tous les visiteurs ;<\/li>\n<li>Ouverture en nocturne le samedi 23 mai jusqu\u2019\u00e0 22h00 ;<\/li>\n<li>Animation in\u00e9dite en entr\u00e9e libre le samedi de 19h00 \u00e0 22h00 avec la participation de reconstituants en tenues d\u2019\u00e9poque pr\u00e9sent sur l\u2019ensemble du parcours.<\/li>\n<\/ul>\n<p>&nbsp;<\/p>\n<p><em><strong>Venez nombreux !<\/strong><\/em><\/p>\n    <\/div>\r\n\n\n    <div class=\"spacer mobile-hidden \" style=\"height:20px\"><\/div>\r\n    <div class=\"spacer laptop-hidden\" style=\"height:20px\"><\/div>\r\n","protected":false},"excerpt":{"rendered":"","protected":false},"featured_media":17597,"template":"","meta":{"_acf_changed":true},"event_type":[37],"class_list":["post-17596","event","type-event","status-publish","has-post-thumbnail","hentry","event_type-exposition-en"],"acf":[],"_links":{"self":[{"href":"https:\/\/bastille-grenoble.fr\/en\/wp-json\/wp\/v2\/event\/17596","targetHints":{"allow":["GET"]}}],"collection":[{"href":"https:\/\/bastille-grenoble.fr\/en\/wp-json\/wp\/v2\/event"}],"about":[{"href":"https:\/\/bastille-grenoble.fr\/en\/wp-json\/wp\/v2\/types\/event"}],"wp:featuredmedia":[{"embeddable":true,"href":"https:\/\/bastille-grenoble.fr\/en\/wp-json\/wp\/v2\/media\/17597"}],"wp:attachment":[{"href":"https:\/\/bastille-grenoble.fr\/en\/wp-json\/wp\/v2\/media?parent=17596"}],"wp:term":[{"taxonomy":"event_type","embeddable":true,"href":"https:\/\/bastille-grenoble.fr\/en\/wp-json\/wp\/v2\/event_type?post=17596"}],"curies":[{"name":"wp","href":"https:\/\/api.w.org\/{rel}","templated":true}]}}